{"id":1940,"date":"2019-12-12T14:06:27","date_gmt":"2019-12-12T13:06:27","guid":{"rendered":"http:\/\/cine3d.ch\/?page_id=1940"},"modified":"2019-12-12T14:15:28","modified_gmt":"2019-12-12T13:15:28","slug":"la-nuit-de-lours-2012-2-2-3-4-2-2-2","status":"publish","type":"page","link":"https:\/\/cine3d.ch\/?page_id=1940","title":{"rendered":"La\u00efka, le chien de l&rsquo;espace (2019)"},"content":{"rendered":"<p>[vc_row css_animation=\u00a0\u00bb\u00a0\u00bb row_type=\u00a0\u00bbrow\u00a0\u00bb use_row_as_full_screen_section=\u00a0\u00bbno\u00a0\u00bb type=\u00a0\u00bbfull_width\u00a0\u00bb angled_section=\u00a0\u00bbno\u00a0\u00bb text_align=\u00a0\u00bbleft\u00a0\u00bb background_image_as_pattern=\u00a0\u00bbwithout_pattern\u00a0\u00bb][vc_column][vc_column_text]<\/p>\n<h1 style=\"text-align: center;\"><span style=\"color: #008080;\">LA\u00cfKA, LE CHIEN DE L&rsquo;ESPACE<\/span><\/h1>\n<p>[\/vc_column_text][\/vc_column][\/vc_row][vc_row css_animation=\u00a0\u00bb\u00a0\u00bb row_type=\u00a0\u00bbrow\u00a0\u00bb use_row_as_full_screen_section=\u00a0\u00bbno\u00a0\u00bb type=\u00a0\u00bbfull_width\u00a0\u00bb angled_section=\u00a0\u00bbno\u00a0\u00bb text_align=\u00a0\u00bbleft\u00a0\u00bb background_image_as_pattern=\u00a0\u00bbwithout_pattern\u00a0\u00bb][vc_column][vc_empty_space][\/vc_column][\/vc_row][vc_row css_animation=\u00a0\u00bb\u00a0\u00bb row_type=\u00a0\u00bbrow\u00a0\u00bb use_row_as_full_screen_section=\u00a0\u00bbno\u00a0\u00bb type=\u00a0\u00bbfull_width\u00a0\u00bb angled_section=\u00a0\u00bbno\u00a0\u00bb text_align=\u00a0\u00bbleft\u00a0\u00bb background_image_as_pattern=\u00a0\u00bbwithout_pattern\u00a0\u00bb][vc_column][vc_tabs style=\u00a0\u00bbhorizontal\u00a0\u00bb][vc_tab title=\u00a0\u00bbimages\u00a0\u00bb tab_id=\u00a0\u00bb1484684479300-2-3&Prime;][vc_gallery interval=\u00a0\u00bb3&Prime; images=\u00a0\u00bb1953,1952,1951,1950,1946,1947,1948,1949,1945,1944,1943&Prime; img_size=\u00a0\u00bbfull\u00a0\u00bb][\/vc_tab][vc_tab title=\u00a0\u00bbPitch\u00a0\u00bb tab_id=\u00a0\u00bba5618a2d-977c-8&Prime;][vc_column_text]<\/p>\n<div class=\"vc_col-sm-6 wpb_column vc_column_container vc_custom_1427718485064\">\n<div class=\"wpb_wrapper\">\n<div class=\"wpb_text_column wpb_content_element \">\n<div class=\"wpb_wrapper\"><strong>Op\u00e9ra jeune public <\/strong><\/div>\n<div><\/div>\n<div class=\"wpb_wrapper\">\n<p>Cr\u00e9\u00e9 \u00e0 Londres dans une composition de Russell Hepplewhite et un livret de Tim Yealland, l\u2019op\u00e9ra pour\u00a0enfants <em>La\u00efka, le chien de l\u2019espace<\/em> est propos\u00e9 en\u00a0cr\u00e9ation suisse par le NOF \u2013 Nouvel Op\u00e9ra Fribourg\u00a0et la Compagnie Pi\u00e8ces Jointes. Sur sc\u00e8ne, huit\u00a0chanteurs et musiciens et un com\u00e9dien-marionnettiste\u00a0retracent avec onirisme une \u00e9pop\u00e9e unique en\u00a0son genre, celle d\u2019une petite chienne perdue dans\u00a0un parc moscovite devenue une ic\u00f4ne de la\u00a0conqu\u00eate spatiale.<\/p>\n<p>1957. Nikita Khrouchtchev d\u00e9cide\u00a0de marquer les esprits en lan\u00e7ant en orbite\u00a0 le premier\u00a0vol \u00a0habit\u00e9 de l\u2019histoire. C\u2019est \u00e0 une jeune b\u00e2tarde,\u00a0mi-husky, mi-terrier, que revient le redoutable honneur\u00a0d\u2019occuper\u00a0Spoutnik 2. Mais l\u2019h\u00e9ro\u00efne \u00e0 quatre pattes\u00a0mourra quelques heures seulement apr\u00e8s le lancement\u00a0du satellite\u2026 Fresque scientifico-historique, cet\u00a0op\u00e9ra \u00e0 la fois didactique et merveilleux fait voyager le\u00a0public de Moscou \u00e0 la Lune en m\u00ealant sur sc\u00e8ne\u00a0marionnette, musiques entra\u00eenantes et animations vid\u00e9o.<\/p>\n<\/div>\n<\/div>\n<\/div>\n<\/div>\n<p>[\/vc_column_text][\/vc_tab][vc_tab title=\u00a0\u00bbEquipe\u00a0\u00bb tab_id=\u00a0\u00bb1484770926199-5-7&Prime;][vc_column_text]<\/p>\n<p style=\"text-align: center;\"><span class=\"grey\">composition:<\/span> Russell Hepplewhite<span class=\"grey\">\u00a0<\/span><\/p>\n<p style=\"text-align: center;\"><span class=\"grey\">livret:<\/span> Tim Yealland<\/p>\n<p style=\"text-align: center;\"><span class=\"grey\">direction musicale:<\/span> Stephanie Gurga<\/p>\n<p style=\"text-align: center;\"><span class=\"grey\">mise en sc\u00e8ne:<\/span> Anne Schwaller<\/p>\n<p style=\"text-align: center;\"><span class=\"grey\">interpr\u00e9tation: <\/span>Laur\u00e8ne Patern\u00f2,\u00a0Alfred Bironien,\u00a0Marie Cubaynes,\u00a0Vincent Casagrande, Yves Adam<\/p>\n<p style=\"text-align: center;\"><span class=\"grey\">assistanat mise en sc\u00e8ne:<\/span> Emmanuelle Ricci<\/p>\n<p style=\"text-align: center;\"><span class=\"grey\">sc\u00e9nographie:<\/span> Val\u00e8re Girardin<\/p>\n<p style=\"text-align: center;\"><span class=\"grey\">marionnette:<\/span> Pierre Monnerat<\/p>\n<p style=\"text-align: center;\"><span class=\"grey\">quatuor instrumental:<\/span> Michele Danzi,\u00a0Valentina Rebaudo,\u00a0Anna Minten,\u00a0Annick Richard<\/p>\n<p style=\"text-align: center;\"><span class=\"grey\">cr\u00e9ation <\/span><span class=\"grey\">vid\u00e9o: <\/span>Les Fr\u00e8res Guillaume<\/p>\n<p style=\"text-align: center;\"><span class=\"grey\">costumes:<\/span> C\u00e9cile Revaz<\/p>\n<p style=\"text-align: center;\"><span class=\"grey\">lumi\u00e8re: <\/span>Eloi Gianini<\/p>\n<p style=\"text-align: center;\"><span class=\"grey\">production:<\/span> NOF \u2013 Nouvel Op\u00e9ra Fribourg,\u00a0Cie Pi\u00e8ces Jointes<br \/>\n<span class=\"grey\">coproduction:<\/span> Equilibre-Nuithonie \u2013 Fribourg<\/p>\n<p style=\"text-align: center;\"><span class=\"grey\">en collaboration avec<\/span> l&rsquo;Op\u00e9ra-comique \u2013 Paris,\u00a0Festival Culture &amp; Ecole BCF 2019<br \/>\n<span class=\"grey\">avec le soutien de<\/span> Etat de Fribourg,\u00a0Loterie Romande, Agglom\u00e9ration de Fribourg<\/p>\n<p>[\/vc_column_text][\/vc_tab][vc_tab title=\u00a0\u00bbPresse\u00a0\u00bb tab_id=\u00a0\u00bb1576156467246-3-8&Prime;][vc_single_image image=\u00a0\u00bb1942&Prime; img_size=\u00a0\u00bbfull\u00a0\u00bb alignment=\u00a0\u00bbcenter\u00a0\u00bb qode_css_animation=\u00a0\u00bb\u00a0\u00bb][\/vc_tab][\/vc_tabs][\/vc_column][\/vc_row][vc_row css_animation=\u00a0\u00bb\u00a0\u00bb row_type=\u00a0\u00bbrow\u00a0\u00bb use_row_as_full_screen_section=\u00a0\u00bbno\u00a0\u00bb type=\u00a0\u00bbfull_width\u00a0\u00bb angled_section=\u00a0\u00bbno\u00a0\u00bb text_align=\u00a0\u00bbleft\u00a0\u00bb background_image_as_pattern=\u00a0\u00bbwithout_pattern\u00a0\u00bb][vc_column][\/vc_column][\/vc_row]<\/p>\n","protected":false},"excerpt":{"rendered":"<p>[vc_row css_animation=\u00a0\u00bb\u00a0\u00bb row_type=\u00a0\u00bbrow\u00a0\u00bb use_row_as_full_screen_section=\u00a0\u00bbno\u00a0\u00bb type=\u00a0\u00bbfull_width\u00a0\u00bb angled_section=\u00a0\u00bbno\u00a0\u00bb text_align=\u00a0\u00bbleft\u00a0\u00bb background_image_as_pattern=\u00a0\u00bbwithout_pattern\u00a0\u00bb][vc_column][vc_column_text] LA\u00cfKA, LE CHIEN DE L&rsquo;ESPACE [\/vc_column_text][\/vc_column][\/vc_row][vc_row css_animation=\u00a0\u00bb\u00a0\u00bb row_type=\u00a0\u00bbrow\u00a0\u00bb use_row_as_full_screen_section=\u00a0\u00bbno\u00a0\u00bb type=\u00a0\u00bbfull_width\u00a0\u00bb angled_section=\u00a0\u00bbno\u00a0\u00bb text_align=\u00a0\u00bbleft\u00a0\u00bb background_image_as_pattern=\u00a0\u00bbwithout_pattern\u00a0\u00bb][vc_column][vc_empty_space][\/vc_column][\/vc_row][vc_row css_animation=\u00a0\u00bb\u00a0\u00bb row_type=\u00a0\u00bbrow\u00a0\u00bb use_row_as_full_screen_section=\u00a0\u00bbno\u00a0\u00bb type=\u00a0\u00bbfull_width\u00a0\u00bb angled_section=\u00a0\u00bbno\u00a0\u00bb text_align=\u00a0\u00bbleft\u00a0\u00bb background_image_as_pattern=\u00a0\u00bbwithout_pattern\u00a0\u00bb][vc_column][vc_tabs style=\u00a0\u00bbhorizontal\u00a0\u00bb][vc_tab title=\u00a0\u00bbimages\u00a0\u00bb tab_id=\u00a0\u00bb1484684479300-2-3&Prime;][vc_gallery interval=\u00a0\u00bb3&Prime; images=\u00a0\u00bb1953,1952,1951,1950,1946,1947,1948,1949,1945,1944,1943&Prime; img_size=\u00a0\u00bbfull\u00a0\u00bb][\/vc_tab][vc_tab title=\u00a0\u00bbPitch\u00a0\u00bb tab_id=\u00a0\u00bba5618a2d-977c-8&Prime;][vc_column_text] Op\u00e9ra jeune public Cr\u00e9\u00e9 \u00e0 Londres dans une composition&#8230;<\/p>\n","protected":false},"author":2,"featured_media":0,"parent":0,"menu_order":0,"comment_status":"closed","ping_status":"closed","template":"","meta":[],"_links":{"self":[{"href":"https:\/\/cine3d.ch\/index.php?rest_route=\/wp\/v2\/pages\/1940"}],"collection":[{"href":"https:\/\/cine3d.ch\/index.php?rest_route=\/wp\/v2\/pages"}],"about":[{"href":"https:\/\/cine3d.ch\/index.php?rest_route=\/wp\/v2\/types\/page"}],"author":[{"embeddable":true,"href":"https:\/\/cine3d.ch\/index.php?rest_route=\/wp\/v2\/users\/2"}],"replies":[{"embeddable":true,"href":"https:\/\/cine3d.ch\/index.php?rest_route=%2Fwp%2Fv2%2Fcomments&post=1940"}],"version-history":[{"count":3,"href":"https:\/\/cine3d.ch\/index.php?rest_route=\/wp\/v2\/pages\/1940\/revisions"}],"predecessor-version":[{"id":1956,"href":"https:\/\/cine3d.ch\/index.php?rest_route=\/wp\/v2\/pages\/1940\/revisions\/1956"}],"wp:attachment":[{"href":"https:\/\/cine3d.ch\/index.php?rest_route=%2Fwp%2Fv2%2Fmedia&parent=1940"}],"curies":[{"name":"wp","href":"https:\/\/api.w.org\/{rel}","templated":true}]}}